{"id":9951,"date":"2026-01-26T21:42:31","date_gmt":"2026-01-26T20:42:31","guid":{"rendered":"https:\/\/www.vttchartreuse.fr\/?page_id=9951"},"modified":"2026-04-20T18:30:10","modified_gmt":"2026-04-20T16:30:10","slug":"edv","status":"publish","type":"page","link":"https:\/\/www.vttchartreuse.fr\/index.php\/edv\/","title":{"rendered":"EDV"},"content":{"rendered":"\n<h1 class=\"wp-block-heading\">Ecole de VTT (de 07 \u00e0 16 ans)<\/h1>\n\n\n\n<div class=\"wp-block-columns alignwide is-layout-flex wp-container-core-columns-is-layout-9d6595d7 wp-block-columns-is-layout-flex\">\n<div class=\"wp-block-column is-layout-flow wp-block-column-is-layout-flow\"><div class=\"wp-block-image\">\n<figure class=\"aligncenter size-full is-resized\"><img loading=\"lazy\" decoding=\"async\" width=\"247\" height=\"460\" src=\"http:\/\/www.vttchartreuse.fr\/wp-content\/uploads\/1000071800-e1774390303751.jpg\" alt=\"\" class=\"wp-image-8656\" style=\"aspect-ratio:0.5369497035699421;width:276px;height:auto\" srcset=\"https:\/\/www.vttchartreuse.fr\/wp-content\/uploads\/1000071800-e1774390303751.jpg 247w, https:\/\/www.vttchartreuse.fr\/wp-content\/uploads\/1000071800-e1774390303751-161x300.jpg 161w\" sizes=\"auto, (max-width: 247px) 100vw, 247px\" \/><\/figure>\n<\/div><\/div>\n\n\n\n<div class=\"wp-block-column is-layout-flow wp-block-column-is-layout-flow\">\n<ul class=\"wp-block-list\">\n<li>C\u2019est l\u2019une des <strong>meilleures fa\u00e7ons d\u2019apprendre \u00e0 piloter son v\u00e9lo<\/strong> et d\u2019acqu\u00e9rir des bases solides<\/li>\n\n\n\n<li>Des <strong>entrainements r\u00e9guliers<\/strong>, anim\u00e9e par des <strong>moniteurs<\/strong> cyclistes <strong>brevet\u00e9s<\/strong> <strong>d\u2019\u00e9tat<\/strong>,, \u00e0 l\u2019automne (Septembre&gt;Octobre) et au printemps (Fin Mars&gt;Juillet)<\/li>\n\n\n\n<li>Des <strong>stages<\/strong> sur notre beau massif ou sur d\u2019autres terrains de jeux<\/li>\n\n\n\n<li>Pour les plus motiv\u00e9s, quelques <strong>comp\u00e9titions<\/strong> (TDJV,TRJV,\u2026)<\/li>\n\n\n\n<li>Toutes les disciplines du VTT sont enseign\u00e9es et pratiqu\u00e9es en loisir \u00e9ducatif :\n<ul class=\"wp-block-list\">\n<li>cross-country, SRAV &#8211; Savoir Rouler \u00e0 V\u00e9lo, trial,<\/li>\n\n\n\n<li>descente, enduro, <\/li>\n\n\n\n<li>orientation et randonn\u00e9es<\/li>\n\n\n\n<li>on apprend les techniques mais aussi les aspects annexes (environnement, secourisme, m\u00e9canique\u2026)<\/li>\n<\/ul>\n<\/li>\n\n\n\n<li><strong>Orientation p\u00e9dagogique :<\/strong> apprendre \u00e0 faire du v\u00e9lo, s\u2019\u00e9panouir physiquement et psychologiquement,<\/li>\n\n\n\n<li>Se pr\u00e9parer \u00e0 la comp\u00e9tition pour ceux qui le veulent<\/li>\n<\/ul>\n<\/div>\n<\/div>\n\n\n\n<div class=\"wp-block-columns alignwide is-layout-flex wp-container-core-columns-is-layout-9d6595d7 wp-block-columns-is-layout-flex\">\n<div class=\"wp-block-column is-layout-flow wp-block-column-is-layout-flow\">\n<h1 class=\"wp-block-heading\">\u00c9quipements requis<\/h1>\n\n\n\n<p>Il est important de venir aux s\u00e9ances d&rsquo;entrainements avec:<\/p>\n\n\n\n<ul class=\"wp-block-list\">\n<li>Un v\u00e9lo (VTT) en bon \u00e9tat,<\/li>\n\n\n\n<li>De quoi r\u00e9parer (Chambre \u00e0 air&#8230;),<\/li>\n\n\n\n<li><em><strong>Un sac \u00e0 dos&nbsp;assez&nbsp;large<\/strong> pour mettre&nbsp;ce dont on a besoin ou pas !<\/em><\/li>\n\n\n\n<li>Pour ne pas transpirer tout en restant au chaud, privil\u00e9giez :\n<ul class=\"wp-block-list\">\n<li><strong>Une couche respirante<\/strong>&nbsp;(type t-shirt technique) pour \u00e9vacuer la transpiration.<\/li>\n\n\n\n<li><strong>Une couche isolante<\/strong>&nbsp;(polaire ou doudoune l\u00e9g\u00e8re) pour garder la chaleur.<\/li>\n\n\n\n<li><strong>Une couche protectrice<\/strong>&nbsp;(coupe-vent ou imperm\u00e9able) contre la pluie et le vent.&nbsp;<em>N&rsquo;oubliez pas les extr\u00e9mit\u00e9s : des gants de qualit\u00e9 et un sous-casque font toute la diff\u00e9rence !<\/em><\/li>\n<\/ul>\n<\/li>\n\n\n\n<li><strong>Pour les Jambes: <\/strong>\n<ul class=\"wp-block-list\">\n<li>Short pas trop court au-dessus des genoux, pour le froid ; en dessous du short, legging, collant en laine ( pour les mecs aussi), longue chaussette ou de foot une bonne protection contre les \u00e9pines, ortis, ronces, ticks etc&#8230;<\/li>\n\n\n\n<li>\u00c9vitez les joggings qui provoquent une grosse transpiration.<\/li>\n<\/ul>\n<\/li>\n<\/ul>\n<\/div>\n\n\n\n<div class=\"wp-block-column is-layout-flow wp-block-column-is-layout-flow\">\n<h1 class=\"wp-block-heading\">Horaires<\/h1>\n\n\n\n<p><br>De mani\u00e8re g\u00e9n\u00e9rale, les cours ont lieu les <strong>mercredi<\/strong> et <strong>samedi<\/strong>:<\/p>\n\n\n\n<ul class=\"wp-block-list\">\n<li>Mercredi de 13H15 \u00e0 15H15 &#8211; Groupe 1 surnomm\u00e9 <em>Les Renards<\/em><\/li>\n\n\n\n<li>Mercredi de 15H30 \u00e0 17H30 &#8211; Groupe 2 surnomm\u00e9 <em>Les Dragons de Chartreuse<\/em><\/li>\n\n\n\n<li>Samedi de 08H45 \u00e0 10H45 &#8211; Groupe 3<\/li>\n\n\n\n<li>Samedi de 11H00 \u00e0 13H00 &#8211; Groupe 4<\/li>\n<\/ul>\n\n\n\n<hr class=\"wp-block-separator has-alpha-channel-opacity\"\/>\n\n\n\n<div style=\"height:51px\" aria-hidden=\"true\" class=\"wp-block-spacer\"><\/div>\n\n\n\n<h1 class=\"wp-block-heading\">Planning printemps 2026<\/h1>\n\n\n\n<div class=\"wp-block-file aligncenter has-light-green-cyan-background-color has-background\"><a id=\"wp-block-file--media-f66a97c4-5f95-4945-ab4a-75302e0fcc11\" href=\"https:\/\/www.vttchartreuse.fr\/wp-content\/uploads\/Planning-EDV-Printemps-2026.pdf\">Planning EDV Printemps 2026<\/a><a href=\"https:\/\/www.vttchartreuse.fr\/wp-content\/uploads\/Planning-EDV-Printemps-2026.pdf\" class=\"wp-block-file__button wp-element-button\" download aria-describedby=\"wp-block-file--media-f66a97c4-5f95-4945-ab4a-75302e0fcc11\">T\u00e9l\u00e9charger<\/a><\/div>\n<\/div>\n<\/div>\n\n\n\n<hr class=\"wp-block-separator has-alpha-channel-opacity\"\/>\n\n\n\n<div class=\"wp-block-columns alignwide is-layout-flex wp-container-core-columns-is-layout-9d6595d7 wp-block-columns-is-layout-flex\">\n<div class=\"wp-block-column is-layout-flow wp-block-column-is-layout-flow\">\n<h1 class=\"wp-block-heading\" id=\"edvmoniteurs\">Coordonn\u00e9es des moniteurs<\/h1>\n\n\n\n<p>Voici les coordonn\u00e9es du moniteur de l\u2019\u00e9cole de v\u00e9lo :<\/p>\n\n\n\n<ul class=\"wp-block-list\">\n<li>Richard : 06 95 71 44 14 \u2013 Groupes du Mercredi<\/li>\n\n\n\n<li>Cyrille : 06 88 09 59 80 \u2013 Groupes du Samedi<\/li>\n<\/ul>\n<\/div>\n\n\n\n<div class=\"wp-block-column is-layout-flow wp-block-column-is-layout-flow\">\n<h1 class=\"wp-block-heading\" id=\"edvmoniteurs\">Lieux &#8211; Entrainement<\/h1>\n\n\n\n<p>Le lieu de rendez vous pour les s\u00e9ances de VTT ont g\u00e9n\u00e9ralement lieu <a href=\"https:\/\/www.vttchartreuse.fr\/index.php\/lieux-entrainement\/\" data-type=\"page\" data-id=\"282\"><strong>au plan d&rsquo;eau de Saint Joseph de Rivi\u00e8re<\/strong><\/a> :<\/p>\n\n\n\n<ul class=\"wp-block-list\">\n<li class=\"has-vivid-red-color has-text-color has-link-color wp-elements-6323f5bdbc8bf0cd39b509ef6866d74a\"><strong>ATTENTION<\/strong> :&nbsp; <a href=\"http:\/\/www.vttchartreuse.fr\/wp-content\/uploads\/Regles-circulationen-VTT-plandeauStJO.pdf\">R\u00e8gles \u00e0 respecter plan d\u2019eau de St Joseph de Riviere<\/a><\/li>\n<\/ul>\n<\/div>\n<\/div>\n\n\n\n<hr class=\"wp-block-separator has-alpha-channel-opacity\"\/>\n\n\n\n<div class=\"wp-block-columns alignwide is-layout-flex wp-container-core-columns-is-layout-9d6595d7 wp-block-columns-is-layout-flex\">\n<div class=\"wp-block-column is-layout-flow wp-block-column-is-layout-flow\">\n<h1 class=\"wp-block-heading\">Carte<\/h1>\n\n\n<div id=\"wp_osm_\" class=\"wp_osm\" style=\"width: 75%; height: 350px\" data-lon=\"5680780\" data-lat=\"634059\" data-zoom=\"14\">\r\n\r\n\t<div class=\"ol-popup\">\r\n\r\n\t    <a href=\"#\" class=\"ol-popup-closer\"><\/a>\r\n\r\n\t    <div class=\"popup-content\"><\/div>\r\n\r\n\t<\/div>\r\n\r\n\t<div class=\"marker\" data-icon=\"http:\/\/vttchartreuse.fr\/wp-content\/plugins\/wp-open-street-map\/images\/markers\/marker.png\" data-lon=\"633731\" data-lat=\"5680410\" data-name=\"\" data-description=\"\"><\/div>\r\n<\/div>\n<\/div>\n<\/div>\n\n\n\n<hr class=\"wp-block-separator has-alpha-channel-opacity\"\/>\n\n\n\n<div class=\"wp-block-columns alignwide is-layout-flex wp-container-core-columns-is-layout-9d6595d7 wp-block-columns-is-layout-flex\">\n<div class=\"wp-block-column is-layout-flow wp-block-column-is-layout-flow\">\n<h1 class=\"wp-block-heading\">Adh\u00e9sion<\/h1>\n\n\n\n<p>Cela se passe <a href=\"https:\/\/www.vttchartreuse.fr\/index.php\/adhesion-au-club\/\" data-type=\"page\" data-id=\"1789\">ICI<\/a><\/p>\n<\/div>\n\n\n\n<div class=\"wp-block-column is-layout-flow wp-block-column-is-layout-flow\">\n<h1 class=\"wp-block-heading\" id=\"edvmoniteurs\">Tarifs<\/h1>\n\n\n\n<p>Cela se passe <strong><a href=\"https:\/\/www.vttchartreuse.fr\/index.php\/tarifs\/\" data-type=\"page\" data-id=\"280\">ici<\/a><\/strong><\/p>\n<\/div>\n<\/div>\n<div class=\"pvc_clear\"><\/div><p id=\"pvc_stats_9951\" class=\"pvc_stats all  \" data-element-id=\"9951\" style=\"\"><i class=\"pvc-stats-icon medium\" aria-hidden=\"true\"><svg aria-hidden=\"true\" focusable=\"false\" data-prefix=\"far\" data-icon=\"chart-bar\" role=\"img\" xmlns=\"http:\/\/www.w3.org\/2000\/svg\" viewBox=\"0 0 512 512\" class=\"svg-inline--fa fa-chart-bar fa-w-16 fa-2x\"><path fill=\"currentColor\" d=\"M396.8 352h22.4c6.4 0 12.8-6.4 12.8-12.8V108.8c0-6.4-6.4-12.8-12.8-12.8h-22.4c-6.4 0-12.8 6.4-12.8 12.8v230.4c0 6.4 6.4 12.8 12.8 12.8zm-192 0h22.4c6.4 0 12.8-6.4 12.8-12.8V140.8c0-6.4-6.4-12.8-12.8-12.8h-22.4c-6.4 0-12.8 6.4-12.8 12.8v198.4c0 6.4 6.4 12.8 12.8 12.8zm96 0h22.4c6.4 0 12.8-6.4 12.8-12.8V204.8c0-6.4-6.4-12.8-12.8-12.8h-22.4c-6.4 0-12.8 6.4-12.8 12.8v134.4c0 6.4 6.4 12.8 12.8 12.8zM496 400H48V80c0-8.84-7.16-16-16-16H16C7.16 64 0 71.16 0 80v336c0 17.67 14.33 32 32 32h464c8.84 0 16-7.16 16-16v-16c0-8.84-7.16-16-16-16zm-387.2-48h22.4c6.4 0 12.8-6.4 12.8-12.8v-70.4c0-6.4-6.4-12.8-12.8-12.8h-22.4c-6.4 0-12.8 6.4-12.8 12.8v70.4c0 6.4 6.4 12.8 12.8 12.8z\" class=\"\"><\/path><\/svg><\/i> <img loading=\"lazy\" decoding=\"async\" width=\"16\" height=\"16\" alt=\"Loading\" src=\"https:\/\/www.vttchartreuse.fr\/wp-content\/plugins\/page-views-count\/ajax-loader-2x.gif\" border=0 \/><\/p><div class=\"pvc_clear\"><\/div>","protected":false},"excerpt":{"rendered":"<p>Ecole de VTT (de 07 \u00e0 16 ans) \u00c9quipements requis Il est important de venir aux s\u00e9ances d&rsquo;entrainements avec: Horaires De mani\u00e8re g\u00e9n\u00e9rale, les cours ont lieu les mercredi et samedi: Planning printemps 2026 Coordonn\u00e9es des moniteurs Voici les coordonn\u00e9es du moniteur de l\u2019\u00e9cole de v\u00e9lo : Lieux &#8211; Entrainement Le lieu de rendez vous [&hellip;]<\/p>\n<div class=\"pvc_clear\"><\/div>\n<p id=\"pvc_stats_9951\" class=\"pvc_stats all  \" data-element-id=\"9951\" style=\"\"><i class=\"pvc-stats-icon medium\" aria-hidden=\"true\"><svg aria-hidden=\"true\" focusable=\"false\" data-prefix=\"far\" data-icon=\"chart-bar\" role=\"img\" xmlns=\"http:\/\/www.w3.org\/2000\/svg\" viewBox=\"0 0 512 512\" class=\"svg-inline--fa fa-chart-bar fa-w-16 fa-2x\"><path fill=\"currentColor\" d=\"M396.8 352h22.4c6.4 0 12.8-6.4 12.8-12.8V108.8c0-6.4-6.4-12.8-12.8-12.8h-22.4c-6.4 0-12.8 6.4-12.8 12.8v230.4c0 6.4 6.4 12.8 12.8 12.8zm-192 0h22.4c6.4 0 12.8-6.4 12.8-12.8V140.8c0-6.4-6.4-12.8-12.8-12.8h-22.4c-6.4 0-12.8 6.4-12.8 12.8v198.4c0 6.4 6.4 12.8 12.8 12.8zm96 0h22.4c6.4 0 12.8-6.4 12.8-12.8V204.8c0-6.4-6.4-12.8-12.8-12.8h-22.4c-6.4 0-12.8 6.4-12.8 12.8v134.4c0 6.4 6.4 12.8 12.8 12.8zM496 400H48V80c0-8.84-7.16-16-16-16H16C7.16 64 0 71.16 0 80v336c0 17.67 14.33 32 32 32h464c8.84 0 16-7.16 16-16v-16c0-8.84-7.16-16-16-16zm-387.2-48h22.4c6.4 0 12.8-6.4 12.8-12.8v-70.4c0-6.4-6.4-12.8-12.8-12.8h-22.4c-6.4 0-12.8 6.4-12.8 12.8v70.4c0 6.4 6.4 12.8 12.8 12.8z\" class=\"\"><\/path><\/svg><\/i> <img loading=\"lazy\" decoding=\"async\" width=\"16\" height=\"16\" alt=\"Loading\" src=\"https:\/\/www.vttchartreuse.fr\/wp-content\/plugins\/page-views-count\/ajax-loader-2x.gif\" border=0 \/><\/p>\n<div class=\"pvc_clear\"><\/div>\n","protected":false},"author":2,"featured_media":0,"parent":0,"menu_order":0,"comment_status":"closed","ping_status":"closed","template":"","meta":{"footnotes":""},"class_list":["post-9951","page","type-page","status-publish","hentry"],"a3_pvc":{"activated":true,"total_views":321,"today_views":6},"_links":{"self":[{"href":"https:\/\/www.vttchartreuse.fr\/index.php\/wp-json\/wp\/v2\/pages\/9951","targetHints":{"allow":["GET"]}}],"collection":[{"href":"https:\/\/www.vttchartreuse.fr\/index.php\/wp-json\/wp\/v2\/pages"}],"about":[{"href":"https:\/\/www.vttchartreuse.fr\/index.php\/wp-json\/wp\/v2\/types\/page"}],"author":[{"embeddable":true,"href":"https:\/\/www.vttchartreuse.fr\/index.php\/wp-json\/wp\/v2\/users\/2"}],"replies":[{"embeddable":true,"href":"https:\/\/www.vttchartreuse.fr\/index.php\/wp-json\/wp\/v2\/comments?post=9951"}],"version-history":[{"count":23,"href":"https:\/\/www.vttchartreuse.fr\/index.php\/wp-json\/wp\/v2\/pages\/9951\/revisions"}],"predecessor-version":[{"id":10262,"href":"https:\/\/www.vttchartreuse.fr\/index.php\/wp-json\/wp\/v2\/pages\/9951\/revisions\/10262"}],"wp:attachment":[{"href":"https:\/\/www.vttchartreuse.fr\/index.php\/wp-json\/wp\/v2\/media?parent=9951"}],"curies":[{"name":"wp","href":"https:\/\/api.w.org\/{rel}","templated":true}]}}