{"id":9930,"date":"2026-01-26T18:53:03","date_gmt":"2026-01-26T17:53:03","guid":{"rendered":"https:\/\/www.vttchartreuse.fr\/?page_id=9930"},"modified":"2026-03-29T18:49:21","modified_gmt":"2026-03-29T16:49:21","slug":"vtt-performance","status":"publish","type":"page","link":"https:\/\/www.vttchartreuse.fr\/index.php\/vtt-performance\/","title":{"rendered":"VTT PERFORMANCE"},"content":{"rendered":"\n<div class=\"wp-block-columns alignwide is-layout-flex wp-container-core-columns-is-layout-9d6595d7 wp-block-columns-is-layout-flex\">\n<div class=\"wp-block-column is-layout-flow wp-block-column-is-layout-flow\">\n<figure class=\"wp-block-image size-large\"><img decoding=\"async\" src=\"http:\/\/www.vttchartreuse.fr\/wp-content\/uploads\/14.jpg\" alt=\"\"\/><\/figure>\n\n\n\n<h2 class=\"wp-block-heading\"><strong>Groupe TRJV<\/strong><\/h2>\n\n\n\n<ul class=\"wp-block-list\">\n<li>Jeunes de 12 \u00e0 16 ans (U13 \u00e0 U17)<\/li>\n\n\n\n<li>12 s\u00e9ances mini\/an et 3h\/s\u00e9ance<\/li>\n\n\n\n<li>Samedis apr\u00e8s-midi ou ponctuellement samedis matin (Hors week-ends TRJV)<\/li>\n\n\n\n<li>Saison de mars \u00e0 juin et de septembre \u00e0 novembre<\/li>\n\n\n\n<li>S\u00e9ances compl\u00e9mentaires orient\u00e9es XC\/Endurance organis\u00e9 par les membres du club (qui emm\u00e8neront en Randuro\/XC les enfants du groupe Comp\u00e9tition)<\/li>\n\n\n\n<li>Lieux de pratique : r\u00e9gion grenobloise\/Chartreuse<\/li>\n\n\n\n<li>Cours avec moniteur dipl\u00f4m\u00e9,<\/li>\n\n\n\n<li>Disciplines pratiqu\u00e9es:\n<ul class=\"wp-block-list\">\n<li>Trial : \ud83d\udeb4 \ud83d\udeb4 \ud83d\udeb4<\/li>\n\n\n\n<li>Enduro:\ud83d\udeb4\ud83d\udeb4<\/li>\n\n\n\n<li>DH(TRJV\/BikePark):\ud83d\udeb4\ud83d\udeb4<\/li>\n\n\n\n<li>X-Country : \ud83d\udeb4 \ud83d\udeb4 \ud83d\udeb4<\/li>\n<\/ul>\n<\/li>\n\n\n\n<li>Comp\u00e9titions non-obligatoires mais conseill\u00e9es: Enduro Kids \/ TDJV \/ TRJV \/ TFJV etc&#8230;<\/li>\n\n\n\n<li>Stages XC \/ Sorties BikePark en suppl\u00e9ment<\/li>\n<\/ul>\n<\/div>\n\n\n\n<div class=\"wp-block-column is-layout-flow wp-block-column-is-layout-flow\">\n<figure class=\"wp-block-image size-large\"><img decoding=\"async\" src=\"http:\/\/www.vttchartreuse.fr\/wp-content\/uploads\/IMG_3677.jpg\" alt=\"\"\/><\/figure>\n\n\n\n<h2 class=\"wp-block-heading\"><strong>Groupe ENDURO\/DH<\/strong><\/h2>\n\n\n\n<ul class=\"wp-block-list\">\n<li>Jeunes de 13 \u00e0 18 ans (U13 \u00e0 U19),<\/li>\n\n\n\n<li>12 s\u00e9ances mini\/an et 3h\/s\u00e9ance,<\/li>\n\n\n\n<li>Samedis apr\u00e8s-midi ou ponctuellement samedis matin,<\/li>\n\n\n\n<li>Saison de mars \u00e0 juin et de septembre \u00e0 novembre<\/li>\n\n\n\n<li>S\u00e9ances compl\u00e9mentaires orient\u00e9es Enduro\/Endurance organis\u00e9 par les membres du club (qui emm\u00e8neront les enfants du groupe)<\/li>\n\n\n\n<li>Lieux de pratique: r\u00e9gion grenobloise\/Chartreuse,<\/li>\n\n\n\n<li>Cours avec moniteur dipl\u00f4m\u00e9,<\/li>\n\n\n\n<li>Disciplines pratiqu\u00e9es:\n<ul class=\"wp-block-list\">\n<li>Trial : \ud83d\udeb4<\/li>\n\n\n\n<li>Enduro:\ud83d\udeb4\ud83d\udeb4\ud83d\udeb4\ud83d\udeb4<\/li>\n\n\n\n<li>DH(BikePark):\ud83d\udeb4\ud83d\udeb4\ud83d\udeb4<\/li>\n\n\n\n<li>X-Country : &#8211;<\/li>\n<\/ul>\n<\/li>\n\n\n\n<li>Comp\u00e9titions non obligatoires (mais conseill\u00e9es : EnduroKids, Troph\u00e9e Enduro des Alpes, Coupe et Championnat de France)<\/li>\n\n\n\n<li>Stages Enduro\/DH\/BikePark en suppl\u00e9ment<\/li>\n<\/ul>\n<\/div>\n<\/div>\n\n\n\n<div style=\"height:32px\" aria-hidden=\"true\" class=\"wp-block-spacer\"><\/div>\n\n\n\n<hr class=\"wp-block-separator has-alpha-channel-opacity\"\/>\n\n\n\n<div class=\"wp-block-columns alignwide is-layout-flex wp-container-core-columns-is-layout-9d6595d7 wp-block-columns-is-layout-flex\">\n<div class=\"wp-block-column is-layout-flow wp-block-column-is-layout-flow\">\n<h1 class=\"wp-block-heading\" id=\"contactvttperformance\">Contact<\/h1>\n\n\n\n<p>Pour tout renseignement, merci de nous contacter via le menu \u201c<a href=\"https:\/\/www.vttchartreuse.fr\/index.php\/contactez-nous\/\">contactez nous<\/a>\u201c.<\/p>\n<\/div>\n\n\n\n<div class=\"wp-block-column is-layout-flow wp-block-column-is-layout-flow\">\n<h1 class=\"wp-block-heading\" id=\"contactvttperformance\">Calendrier pr\u00e9visionnel 2026 pour les 2 groupes<\/h1>\n\n\n\n<p>Mise \u00e0 jour le 14 Janvier 2026<\/p>\n\n\n\n<div class=\"wp-block-file aligncenter has-white-background-color has-background\"><a id=\"wp-block-file--media-f86bed22-3ea9-44ed-83af-ed7f097b853d\" href=\"http:\/\/www.vttchartreuse.fr\/wp-content\/uploads\/VTT-Chartreuse-Calendrier-Groupes-Performance-2026-Version-01.pdf\" target=\"_blank\" rel=\"noreferrer noopener\"><strong><mark style=\"background-color:rgba(0, 0, 0, 0)\" class=\"has-inline-color has-vivid-red-color\">VTT Chartreuse &#8211; Calendrier Groupes Performance &#8211; 2026 &#8211; Version 01<\/mark><\/strong><\/a><a href=\"http:\/\/www.vttchartreuse.fr\/wp-content\/uploads\/VTT-Chartreuse-Calendrier-Groupes-Performance-2026-Version-01.pdf\" class=\"wp-block-file__button wp-element-button\" download aria-describedby=\"wp-block-file--media-f86bed22-3ea9-44ed-83af-ed7f097b853d\">T\u00e9l\u00e9charger<\/a><\/div>\n<\/div>\n<\/div>\n\n\n\n<hr class=\"wp-block-separator has-alpha-channel-opacity\"\/>\n\n\n\n<div class=\"wp-block-columns alignwide is-layout-flex wp-container-core-columns-is-layout-9d6595d7 wp-block-columns-is-layout-flex\">\n<div class=\"wp-block-column is-layout-flow wp-block-column-is-layout-flow\">\n<h1 class=\"wp-block-heading\">Absent sur une ou plusieurs s\u00e9ances ?<\/h1>\n\n\n\n<p>Si vous avez un emp\u00eachement sur certaines dates d&rsquo;entrainements propos\u00e9s, vous pouvez participer aux s\u00e9ances du groupe Enduro\/DH \u00e0 la place, faites un message (mail) au club pour nous en informer et nous avertirons alors les moniteurs.<\/p>\n\n\n\n<hr class=\"wp-block-separator has-alpha-channel-opacity\"\/>\n\n\n\n<h1 class=\"wp-block-heading\">Communication entre participants, moniteurs, club ?<\/h1>\n\n\n\n<p>Nous devrions communiquer principalement via l&rsquo;application What&rsquo;s App. Il se peut que de temps en temps nous communiquions aussi \u00e0 travers le site web et par mails.<\/p>\n\n\n\n<p>Si vous nous contactons pour vous donner des infos, vous posez des questions &#8211; sondage- , proposer des sorties en plus, etc. merci de bien r\u00e9pondre et si possible assez vite (m\u00eame si votre r\u00e9ponse est n\u00e9gative). Merci !<\/p>\n<\/div>\n\n\n\n<div class=\"wp-block-column is-layout-flow wp-block-column-is-layout-flow\">\n<h1 class=\"wp-block-heading\">Points cl\u00e9s \u00e0 retenir dans ce calendrier<\/h1>\n\n\n\n<p><strong>Pr\u00e9paration physique et roulage cet hiver<\/strong><br> &#8211; D\u00e9but des s\u00e9ances le 6 d\u00e9cembre 2025, encadr\u00e9es par Marvin (stagiaire STAPS).<br> &#8211; Marvin a cr\u00e9er un groupe WhatsApp pour vous transmettre les d\u00e9tails.<br><br><strong>Sorties avec Oskar<\/strong><br> &#8211; Dates pr\u00e9vues : 28 f\u00e9vrier, 14 mars et 3 octobre 2026.<br> &#8211; Nous essayerons de vous proposer davantage de s\u00e9ances avec Oskar mais tout d\u00e9pendra du budget. Plus d\u2019informations mi-2026.<br><br><strong>Stage de 3 jours<\/strong> (XCO et ENDURO) dans le sud de la France (stage payant) les 16-17 et 18 f\u00e9vrier 2026.<br><br><strong>Sorties BikePark<\/strong> avec les Th\u00e9os (s\u00e9ances suppl\u00e9mentaires payantes).<br><br>12 s\u00e9ances pour chaque groupe avec les Th\u00e9os, incluant des shuttles et, bien s\u00fbr, du plaisir !<\/p>\n<\/div>\n<\/div>\n\n\n\n<hr class=\"wp-block-separator has-alpha-channel-opacity\"\/>\n\n\n\n<div class=\"wp-block-columns alignwide is-layout-flex wp-container-core-columns-is-layout-9d6595d7 wp-block-columns-is-layout-flex\">\n<div class=\"wp-block-column is-layout-flow wp-block-column-is-layout-flow\">\n<h1 class=\"wp-block-heading\" id=\"edvmoniteurs\">Tarifs<\/h1>\n\n\n\n<p>Cela se passe <strong><a href=\"https:\/\/www.vttchartreuse.fr\/index.php\/tarifs\/\" data-type=\"page\" data-id=\"280\">ici<\/a><\/strong><\/p>\n\n\n\n<h2 class=\"wp-block-heading\">Adh\u00e9sion<\/h2>\n\n\n\n<p>Cela se passe <a href=\"https:\/\/www.vttchartreuse.fr\/index.php\/adhesion-au-club\/\" data-type=\"page\" data-id=\"1789\">ICI<\/a><\/p>\n<\/div>\n\n\n\n<div class=\"wp-block-column is-layout-flow wp-block-column-is-layout-flow\">\n<h1 class=\"wp-block-heading\">Valeurs<\/h1>\n\n\n\n<ul class=\"wp-block-list\">\n<li><strong>Envie\/Intention\/Motivation :<\/strong> Progression, d\u00e9passement de soi &amp; une grande motivation ! Envie de rouler autant sur du plat, de la mont\u00e9e et &#8230; faire de la descente.<\/li>\n\n\n\n<li><strong>Niveau Technique :<\/strong> Niveau correct en Cross Country, comp\u00e9tences correctes en manuals &amp; sauts, app\u00e9tence pour la vitesse de passage.<\/li>\n\n\n\n<li><strong>Niveau Physique :<\/strong> Cible \u00e0 3H de sorties r\u00e9guli\u00e8res.<\/li>\n<\/ul>\n<\/div>\n<\/div>\n\n\n\n<hr class=\"wp-block-separator has-alpha-channel-opacity\"\/>\n\n\n\n<div class=\"wp-block-columns is-layout-flex wp-container-core-columns-is-layout-9d6595d7 wp-block-columns-is-layout-flex\">\n<div class=\"wp-block-column is-layout-flow wp-block-column-is-layout-flow\">\n<h1 class=\"wp-block-heading\">Historique<\/h1>\n\n\n\n<ul class=\"wp-block-list\">\n<li>Cr\u00e9\u00e9 en 2021; Jeunes v\u00e9t\u00e9tistes issus de l\u2019Ecole de VTT de 13 \u00e0 18 ans (Minimes \u00e0 Juniors)<\/li>\n\n\n\n<li>Disciplines:Enduro\/DH\/XC<\/li>\n\n\n\n<li>Comp\u00e9titions non obligatoires<\/li>\n\n\n\n<li>Cours avec moniteurs dipl\u00f4m\u00e9s avec une exp\u00e9rience en comp\u00e9tition :\n<ul class=\"wp-block-list\">\n<li>2021 et 2022 : Quentin DERBIER (Champion du monde de Four-Cross)<\/li>\n\n\n\n<li>2023 : Th\u00e9o POUDRET (Coupe du Monde de Trial) et Th\u00e9o DAUMAS (Enduro World Series)<\/li>\n<\/ul>\n<\/li>\n<\/ul>\n<\/div>\n<\/div>\n<div class=\"pvc_clear\"><\/div><p id=\"pvc_stats_9930\" class=\"pvc_stats all  \" data-element-id=\"9930\" style=\"\"><i class=\"pvc-stats-icon medium\" aria-hidden=\"true\"><svg aria-hidden=\"true\" focusable=\"false\" data-prefix=\"far\" data-icon=\"chart-bar\" role=\"img\" xmlns=\"http:\/\/www.w3.org\/2000\/svg\" viewBox=\"0 0 512 512\" class=\"svg-inline--fa fa-chart-bar fa-w-16 fa-2x\"><path fill=\"currentColor\" d=\"M396.8 352h22.4c6.4 0 12.8-6.4 12.8-12.8V108.8c0-6.4-6.4-12.8-12.8-12.8h-22.4c-6.4 0-12.8 6.4-12.8 12.8v230.4c0 6.4 6.4 12.8 12.8 12.8zm-192 0h22.4c6.4 0 12.8-6.4 12.8-12.8V140.8c0-6.4-6.4-12.8-12.8-12.8h-22.4c-6.4 0-12.8 6.4-12.8 12.8v198.4c0 6.4 6.4 12.8 12.8 12.8zm96 0h22.4c6.4 0 12.8-6.4 12.8-12.8V204.8c0-6.4-6.4-12.8-12.8-12.8h-22.4c-6.4 0-12.8 6.4-12.8 12.8v134.4c0 6.4 6.4 12.8 12.8 12.8zM496 400H48V80c0-8.84-7.16-16-16-16H16C7.16 64 0 71.16 0 80v336c0 17.67 14.33 32 32 32h464c8.84 0 16-7.16 16-16v-16c0-8.84-7.16-16-16-16zm-387.2-48h22.4c6.4 0 12.8-6.4 12.8-12.8v-70.4c0-6.4-6.4-12.8-12.8-12.8h-22.4c-6.4 0-12.8 6.4-12.8 12.8v70.4c0 6.4 6.4 12.8 12.8 12.8z\" class=\"\"><\/path><\/svg><\/i> <img loading=\"lazy\" decoding=\"async\" width=\"16\" height=\"16\" alt=\"Loading\" src=\"https:\/\/www.vttchartreuse.fr\/wp-content\/plugins\/page-views-count\/ajax-loader-2x.gif\" border=0 \/><\/p><div class=\"pvc_clear\"><\/div>","protected":false},"excerpt":{"rendered":"<p>Groupe TRJV Groupe ENDURO\/DH Contact Pour tout renseignement, merci de nous contacter via le menu \u201ccontactez nous\u201c. Calendrier pr\u00e9visionnel 2026 pour les 2 groupes Mise \u00e0 jour le 14 Janvier 2026 Absent sur une ou plusieurs s\u00e9ances ? Si vous avez un emp\u00eachement sur certaines dates d&rsquo;entrainements propos\u00e9s, vous pouvez participer aux s\u00e9ances du groupe [&hellip;]<\/p>\n<div class=\"pvc_clear\"><\/div>\n<p id=\"pvc_stats_9930\" class=\"pvc_stats all  \" data-element-id=\"9930\" style=\"\"><i class=\"pvc-stats-icon medium\" aria-hidden=\"true\"><svg aria-hidden=\"true\" focusable=\"false\" data-prefix=\"far\" data-icon=\"chart-bar\" role=\"img\" xmlns=\"http:\/\/www.w3.org\/2000\/svg\" viewBox=\"0 0 512 512\" class=\"svg-inline--fa fa-chart-bar fa-w-16 fa-2x\"><path fill=\"currentColor\" d=\"M396.8 352h22.4c6.4 0 12.8-6.4 12.8-12.8V108.8c0-6.4-6.4-12.8-12.8-12.8h-22.4c-6.4 0-12.8 6.4-12.8 12.8v230.4c0 6.4 6.4 12.8 12.8 12.8zm-192 0h22.4c6.4 0 12.8-6.4 12.8-12.8V140.8c0-6.4-6.4-12.8-12.8-12.8h-22.4c-6.4 0-12.8 6.4-12.8 12.8v198.4c0 6.4 6.4 12.8 12.8 12.8zm96 0h22.4c6.4 0 12.8-6.4 12.8-12.8V204.8c0-6.4-6.4-12.8-12.8-12.8h-22.4c-6.4 0-12.8 6.4-12.8 12.8v134.4c0 6.4 6.4 12.8 12.8 12.8zM496 400H48V80c0-8.84-7.16-16-16-16H16C7.16 64 0 71.16 0 80v336c0 17.67 14.33 32 32 32h464c8.84 0 16-7.16 16-16v-16c0-8.84-7.16-16-16-16zm-387.2-48h22.4c6.4 0 12.8-6.4 12.8-12.8v-70.4c0-6.4-6.4-12.8-12.8-12.8h-22.4c-6.4 0-12.8 6.4-12.8 12.8v70.4c0 6.4 6.4 12.8 12.8 12.8z\" class=\"\"><\/path><\/svg><\/i> <img loading=\"lazy\" decoding=\"async\" width=\"16\" height=\"16\" alt=\"Loading\" src=\"https:\/\/www.vttchartreuse.fr\/wp-content\/plugins\/page-views-count\/ajax-loader-2x.gif\" border=0 \/><\/p>\n<div class=\"pvc_clear\"><\/div>\n","protected":false},"author":2,"featured_media":0,"parent":0,"menu_order":0,"comment_status":"closed","ping_status":"closed","template":"","meta":{"footnotes":""},"class_list":["post-9930","page","type-page","status-publish","hentry"],"a3_pvc":{"activated":true,"total_views":114,"today_views":1},"_links":{"self":[{"href":"https:\/\/www.vttchartreuse.fr\/index.php\/wp-json\/wp\/v2\/pages\/9930","targetHints":{"allow":["GET"]}}],"collection":[{"href":"https:\/\/www.vttchartreuse.fr\/index.php\/wp-json\/wp\/v2\/pages"}],"about":[{"href":"https:\/\/www.vttchartreuse.fr\/index.php\/wp-json\/wp\/v2\/types\/page"}],"author":[{"embeddable":true,"href":"https:\/\/www.vttchartreuse.fr\/index.php\/wp-json\/wp\/v2\/users\/2"}],"replies":[{"embeddable":true,"href":"https:\/\/www.vttchartreuse.fr\/index.php\/wp-json\/wp\/v2\/comments?post=9930"}],"version-history":[{"count":16,"href":"https:\/\/www.vttchartreuse.fr\/index.php\/wp-json\/wp\/v2\/pages\/9930\/revisions"}],"predecessor-version":[{"id":10243,"href":"https:\/\/www.vttchartreuse.fr\/index.php\/wp-json\/wp\/v2\/pages\/9930\/revisions\/10243"}],"wp:attachment":[{"href":"https:\/\/www.vttchartreuse.fr\/index.php\/wp-json\/wp\/v2\/media?parent=9930"}],"curies":[{"name":"wp","href":"https:\/\/api.w.org\/{rel}","templated":true}]}}